{"id":2793,"date":"2022-04-22T11:05:48","date_gmt":"2022-04-22T09:05:48","guid":{"rendered":"https:\/\/www.afrikaeducation.com\/?post_type=product&#038;p=2793"},"modified":"2024-11-09T05:46:03","modified_gmt":"2024-11-09T04:46:03","slug":"je-pratique-le-dessin-et-le-coloriage-2","status":"publish","type":"product","link":"https:\/\/www.afrikaeducation.com\/africeduc\/product\/je-pratique-le-dessin-et-le-coloriage-2\/","title":{"rendered":"Initiation \u00e0 la langue et \u00e0 la communication"},"content":{"rendered":"","protected":false},"excerpt":{"rendered":"<p>Dans un souci d\u2019\u00e9cologisation des savoirs en Afrique, <strong><em>Initiation \u00e0 la langue et \u00e0 la communication<\/em> <\/strong>se propose de pousser les enfants en \u00e2ge d\u2019aller \u00e0 l\u2019\u00e9cole \u00e0 agir, s\u2019exprimer, et comprendre leur environnement \u00e0 travers des exercices artistiques en langues anglaise, fran\u00e7aise et locales.<\/p>\n<p>Cet ouvrage, en plus d\u2019\u00eatre un moyen de transmission du patrimoine linguistique africain et de promotion d\u2019une interactivit\u00e9 entre tout-petits par la diversit\u00e9 langagi\u00e8re, a pour objectif premier de faire b\u00e9n\u00e9ficier le futur adulte d\u2019une v\u00e9ritable comp\u00e9tence plurilingue.<\/p>\n<p>Les auteurs, tout en respectant la d\u00e9marche p\u00e9dagogique prescrite au Cameroun, ont construit des contenus comme des comptines, des r\u00e9citations, des travaux de gribouillage, coloriage, dessin, autour de huit th\u00e8mes tr\u00e8s familiers \u00e0 cette cible sensible tels que l\u2019\u00e9cole, la connaissance du corps humain, le monde animal et v\u00e9g\u00e9tal, les m\u00e9tiers\u2026<\/p>\n<p>Ainsi con\u00e7u, ce manuel est destin\u00e9 aux enfants en \u00e2ge de s\u2019exprimer\u2009; aux parents, soucieux de voir leur prog\u00e9niture communiquer dans leurs parlers maternels\u2009; aux professionnels de l\u2019\u00e9ducation\u2009; et \u00e0 tous ceux qui pour une raison ou une autre, se pr\u00e9occupent non seulement de l\u2019\u00e9veil et de la progression de l\u2019enfant\u2009; mais surtout \u00e0 tous ceux qui s\u2019int\u00e9ressent \u00e0 l\u2019enseignement des langues locales.<\/p>\n","protected":false},"author":1,"featured_media":2795,"comment_status":"open","ping_status":"closed","template":"","meta":[],"product_cat":[69],"product_tag":[],"class_list":{"0":"post-2793","1":"product","2":"type-product","3":"status-publish","4":"has-post-thumbnail","6":"product_cat-maternelle","8":"first","9":"instock","10":"shipping-taxable","11":"product-type-simple"},"_links":{"self":[{"href":"https:\/\/www.afrikaeducation.com\/africeduc\/wp-json\/wp\/v2\/product\/2793","targetHints":{"allow":["GET"]}}],"collection":[{"href":"https:\/\/www.afrikaeducation.com\/africeduc\/wp-json\/wp\/v2\/product"}],"about":[{"href":"https:\/\/www.afrikaeducation.com\/africeduc\/wp-json\/wp\/v2\/types\/product"}],"author":[{"embeddable":true,"href":"https:\/\/www.afrikaeducation.com\/africeduc\/wp-json\/wp\/v2\/users\/1"}],"replies":[{"embeddable":true,"href":"https:\/\/www.afrikaeducation.com\/africeduc\/wp-json\/wp\/v2\/comments?post=2793"}],"wp:featuredmedia":[{"embeddable":true,"href":"https:\/\/www.afrikaeducation.com\/africeduc\/wp-json\/wp\/v2\/media\/2795"}],"wp:attachment":[{"href":"https:\/\/www.afrikaeducation.com\/africeduc\/wp-json\/wp\/v2\/media?parent=2793"}],"wp:term":[{"taxonomy":"product_cat","embeddable":true,"href":"https:\/\/www.afrikaeducation.com\/africeduc\/wp-json\/wp\/v2\/product_cat?post=2793"},{"taxonomy":"product_tag","embeddable":true,"href":"https:\/\/www.afrikaeducation.com\/africeduc\/wp-json\/wp\/v2\/product_tag?post=2793"}],"curies":[{"name":"wp","href":"https:\/\/api.w.org\/{rel}","templated":true}]}}